{"id":1746,"date":"2024-05-10T07:01:54","date_gmt":"2024-05-10T06:01:54","guid":{"rendered":"https:\/\/sxpowercase.com\/?post_type=product&#038;p=1746"},"modified":"2024-06-21T03:08:34","modified_gmt":"2024-06-21T02:08:34","slug":"tv-rack-cabinet","status":"publish","type":"product","link":"https:\/\/sxflightcase.com\/hu\/termek\/tv-allvany-szekreny\/","title":{"rendered":"TV Rack szekr\u00e9ny"},"content":{"rendered":"<p><strong>Term\u00e9k param\u00e9ter (specifik\u00e1ci\u00f3)<\/strong><\/p>\n<section class=\"table-wrap\">\n<table class=\"table\" width=\"100%\" cellspacing=\"0\" cellpadding=\"0\">\n<tbody>\n<tr class=\"firstRow\">\n<td width=\"134\">Term\u00e9k neve<\/td>\n<td width=\"504\">TV \u00e1llv\u00e1nyos szekr\u00e9ny<\/td>\n<\/tr>\n<tr>\n<td width=\"134\">Anyagok<\/td>\n<td width=\"504\">Alum\u00ednium keret + 9mm r\u00e9tegelt lemez<br \/>\n4 x Pillang\u00f3 retesz hurokkal a lakat r\u00f6gz\u00edt\u00e9s\u00e9hez (lakat nem tartoz\u00e9k)<br \/>\nTeljesen habos\u00edtott, plasztazote habbal b\u00e9lelt<br \/>\n4x 100 mm-es gumikerekek 15 mm-es ny\u00edrfa ker\u00e9klemezzel a tokhoz csavarozva (2 teljes reteszel\u00e9s\u0171 f\u00e9kkel rendelkezik) k\u00f6lts\u00e9g opci\u00f3<\/td>\n<\/tr>\n<tr>\n<td width=\"134\">Sz\u00ednes<\/td>\n<td width=\"504\">Fekete, k\u00e9k, piros vagy egyedi<\/td>\n<\/tr>\n<tr>\n<td width=\"134\">Haszn\u00e1lat<\/td>\n<td width=\"504\">Sz\u00e1ll\u00edt\u00e1si t\u00e1rol\u00e1s v\u00e9delme<\/td>\n<\/tr>\n<\/tbody>\n<\/table>\n<\/section>\n<p><strong>Csomagol\u00e1s \u00e9s sz\u00e1ll\u00edt\u00e1s<\/strong><\/p>\n<section class=\"table-wrap\">\n<table class=\"table\" width=\"100%\" cellspacing=\"0\" cellpadding=\"0\">\n<tbody>\n<tr class=\"firstRow\">\n<td colspan=\"3\" width=\"100%\">Csomagol\u00e1s \u00e9s sz\u00e1ll\u00edt\u00e1s<\/td>\n<\/tr>\n<tr>\n<td rowspan=\"3\" width=\"31%\">Sz\u00e1ll\u00edt\u00e1si id\u0151<\/td>\n<td width=\"34%\">Tengeren<\/td>\n<td width=\"33%\">15-60 nap<\/td>\n<\/tr>\n<tr>\n<td width=\"34%\">Rep\u00fcl\u0151vel<\/td>\n<td width=\"33%\">5-7 nap<\/td>\n<\/tr>\n<tr>\n<td width=\"34%\">Expressz<\/td>\n<td width=\"33%\">5-7 nap<\/td>\n<\/tr>\n<tr>\n<td width=\"31%\">Sz\u00e1ll\u00edt\u00e1si id\u0151<\/td>\n<td colspan=\"2\" width=\"68%\">7-10 munkaid\u0151 vagy az \u00d6n ig\u00e9nyei szerint<\/td>\n<\/tr>\n<tr>\n<td width=\"31%\">Csomagol\u00e1s<\/td>\n<td colspan=\"2\" width=\"68%\">Dobozonk\u00e9nt vagy ahogy szeretn\u00e9<\/td>\n<\/tr>\n<\/tbody>\n<\/table>\n<\/section>\n<h1>Alak\u00edtsa \u00e1t \u00e9letter\u00e9t az SX TV-\u00e1llv\u00e1nyos szekr\u00e9nnyel<\/h1>\n<h2>Eleg\u00e1ns \u00e9s funkcion\u00e1lis design<\/h2>\n<p>Dobja fel nappalij\u00e1t a <strong>TV Rack szekr\u00e9ny<\/strong> a  c\u00edmr\u0151l <a href=\"https:\/\/sxpowercase.com\/\" target=\"_blank\" rel=\"noopener\" title=\"SX\" data-wpil-monitor-id=\"117\">SX<\/a>. TV-\u00e1llv\u00e1nyszekr\u00e9ny\u00fcnk egyes\u00edti az eleganci\u00e1t a funkcionalit\u00e1ssal, st\u00edlusos megold\u00e1st ny\u00fajtva sz\u00f3rakoztat\u00f3 ig\u00e9nyeinek kiel\u00e9g\u00edt\u00e9s\u00e9re. A b\u0151s\u00e9ges t\u00e1rol\u00f3helyekkel \u00e9s eleg\u00e1ns kialak\u00edt\u00e1ssal b\u00e1rmilyen t\u00e9r eszt\u00e9tik\u00e1j\u00e1t feldobja, mik\u00f6zben rendezetten tartja a m\u00e9dia alapvet\u0151 kell\u00e9keit.<\/p>\n<h2>Kiv\u00e1l\u00f3 min\u0151s\u00e9g\u0171 anyagok<\/h2>\n<h3>Tart\u00f3san \u00e9p\u00edtett<\/h3>\n<p>Az SX <strong>TV Rack szekr\u00e9ny<\/strong> pr\u00e9mium min\u0151s\u00e9g\u0171 anyagokb\u00f3l k\u00e9sz\u00fclt, biztos\u00edtva a tart\u00f3ss\u00e1got \u00e9s a hossz\u00fa \u00e9lettartamot. A massz\u00edv konstrukci\u00f3 t\u00e1mogatja a TV-t \u00e9s m\u00e1s m\u00e9diaeszk\u00f6z\u00f6ket, \u00edgy megb\u00edzhat\u00f3 \u00e9s st\u00edlusos kieg\u00e9sz\u00edt\u0151je lesz otthon\u00e1nak. A kiv\u00e1l\u00f3 min\u0151s\u00e9g\u0171 kivitelek kifinomults\u00e1got k\u00f6lcs\u00f6n\u00f6znek a lak\u00f3t\u00e9rnek.<\/p>\n<h2>Gy\u00e1ri k\u00f6zvetlen \u00e9rt\u00e9kes\u00edt\u00e9s<\/h2>\n<h3>Megfizethet\u0151 kiv\u00e1l\u00f3s\u00e1g<\/h3>\n<p>Az SX-n\u00e9l elk\u00f6telezettek vagyunk amellett, hogy magas min\u0151s\u00e9g\u0171 term\u00e9keket k\u00edn\u00e1ljunk versenyk\u00e9pes \u00e1ron. A gy\u00e1ri k\u00f6zvetlen \u00e9rt\u00e9kes\u00edt\u00e9ssel kiv\u00e1gjuk a k\u00f6zvet\u00edt\u0151ket, \u00edgy biztos\u00edtva, hogy \u00d6n a legjobb \u00e1r-\u00e9rt\u00e9k ar\u00e1nyt kapja a p\u00e9nz\u00e9\u00e9rt. A <strong>TV Rack szekr\u00e9ny<\/strong> kiv\u00e1l\u00f3 min\u0151s\u00e9get \u00e9s diz\u00e1jnt k\u00edn\u00e1l an\u00e9lk\u00fcl, hogy a bankot megroppantan\u00e1, \u00edgy kiv\u00e1l\u00f3 befektet\u00e9s az \u00d6n otthon\u00e1ba.<\/p>\n<h2>Testreszab\u00e1si lehet\u0151s\u00e9gek<\/h2>\n<h3>Az \u00d6n ig\u00e9nyeire szabva<\/h3>\n<p>Tudjuk, hogy minden otthon egyedi. Ez\u00e9rt az SX testreszab\u00e1si lehet\u0151s\u00e9geket k\u00edn\u00e1l a <strong>TV Rack szekr\u00e9ny<\/strong>. Ak\u00e1r k\u00fcl\u00f6nleges m\u00e9retekre, kivitelekre vagy tov\u00e1bbi funkci\u00f3kra van sz\u00fcks\u00e9ge, csapatunk k\u00e9szen \u00e1ll arra, hogy olyan szekr\u00e9nyt hozzon l\u00e9tre, amely pontosan megfelel az \u00d6n ig\u00e9nyeinek. \u00c9lvezze a szem\u00e9lyre szabott megold\u00e1st, amely kieg\u00e9sz\u00edti dekor\u00e1ci\u00f3j\u00e1t \u00e9s kiel\u00e9g\u00edti t\u00e1rol\u00e1si ig\u00e9nyeit.<\/p>\n<h2>Fokozza a sz\u00f3rakoz\u00e1si \u00e9lm\u00e9nyt<\/h2>\n<h3>Rendezett \u00e9s st\u00edlusos<\/h3>\n<p>Az SX <strong>TV Rack szekr\u00e9ny<\/strong> nem csak a t\u00e9v\u00e9t t\u00e1mogatja, hanem b\u0151s\u00e9ges t\u00e1rol\u00f3helyet biztos\u00edt a m\u00e9diakieg\u00e9sz\u00edt\u0151knek, j\u00e1t\u00e9kkonzoloknak \u00e9s egyebeknek is. Tartsa rendben \u00e9s rendetlens\u00e9gt\u0151l mentesen nappalij\u00e1t \u00e1tgondoltan kialak\u00edtott rekeszeinkkel \u00e9s polcainkkal. A szekr\u00e9ny karcs\u00fa \u00e9s modern kialak\u00edt\u00e1sa kiemeli sz\u00f3rakoztat\u00f3 helyis\u00e9ge \u00e1ltal\u00e1nos megjelen\u00e9s\u00e9t.<\/p>\n<hr \/>\n<p>Ne \u00e9rje be kevesebbel, ha otthoni sz\u00f3rakoztat\u00f3 berendez\u00e9s\u00e9r\u0151l van sz\u00f3. Dobja fel ter\u00e9t az SX <strong>TV Rack szekr\u00e9ny<\/strong>. L\u00e9pjen kapcsolatba vel\u00fcnk m\u00e9g ma, hogy t\u00f6bbet tudjon meg a gy\u00e1ri k\u00f6zvetlen \u00e9rt\u00e9kes\u00edt\u00e9si \u00e9s testreszab\u00e1si lehet\u0151s\u00e9geinkr\u0151l. Tapasztalja meg a st\u00edlus \u00e9s a funkcionalit\u00e1s t\u00f6k\u00e9letes kever\u00e9k\u00e9t az SX-szel, \u00e9s \u00e9lvezze a j\u00f3l szervezett, eszt\u00e9tikus nappalit.<\/p>\n<p><strong>GYIK<\/strong><\/p>\n<p>K: Mennyi a sz\u00e1ll\u00edt\u00e1si id\u0151?<\/p>\n<p>V: Az \u00e1ltal\u00e1nos sz\u00e1ll\u00edt\u00e1si id\u0151 15-20 nap a megrendel\u00e9s visszaigazol\u00e1sa ut\u00e1n. M\u00e1sik, ha az \u00e1ru rakt\u00e1ron van, csak 1-2 napot vesz ig\u00e9nybe.<\/p>\n<p>K: Van b\u00e1rmilyen MOQ korl\u00e1t?<\/p>\n<p>V: Alacsony MOQ, 1 db mintaellen\u0151rz\u00e9sre rendelkez\u00e9sre \u00e1ll.<\/p>\n<p>K: Hogyan sz\u00e1ll\u00edtj\u00e1k az \u00e1rut, \u00e9s mennyi id\u0151 alatt \u00e9rkezik meg?<\/p>\n<p>V: \u00c1ltal\u00e1ban tengeren sz\u00e1ll\u00edtjuk, seg\u00edthet\u00fcnk CIF-\u00e1rat vagy ex-work \u00e1rat...<\/p>\n<p>Hot Tags: Alacsony \u00e1r, rakt\u00e1ron, ingyenes minta, t\u00e1p- \u00e9s jelk\u00e1bel, 16 Gauge 4 vezet\u0151 vezet\u00e9k, mikrofon \u00e1llv\u00e1ny tok, k\u00fclt\u00e9ri Led kijelz\u0151szekr\u00e9ny, Rack Mount, 19\" Rackmount Mixer Flight Cases\uff0celektromos disztr\u00f3 doboz, K\u00edna, besz\u00e1ll\u00edt\u00f3k, gy\u00e1r, testreszabott, nagykereskedelem, <span style=\"color: #993366;\"><a style=\"color: #993366;\" href=\"https:\/\/sxflightcase.com\/hu\/product-category\/all-product\/power-distribution-boxes\/\">t\u00e1pegys\u00e9gek<\/a>,\u00a0<a style=\"color: #993366;\" href=\"https:\/\/sxflightcase.com\/hu\/product-category\/all-product\/hoist-controllers\/\">t\u00e1pk\u00e1belek<\/a>,\u00a0<a style=\"color: #993366;\" href=\"https:\/\/sxflightcase.com\/hu\/product-category\/all-product\/hoist-controllers\/\">emel\u0151g\u00e9p-vez\u00e9rl\u0151k<\/a>,\u00a0<a style=\"color: #993366;\" href=\"https:\/\/sxflightcase.com\/hu\/product-category\/all-product\/flight-case\/\">rep\u00fcl\u00e9si esetek.<\/a><\/span><\/p>","protected":false},"excerpt":{"rendered":"<h2 class=\"prodetails-name\">TV Rack szekr\u00e9ny<\/h2>\n<p>A Shengxiang rep\u00fcl\u00e9si tokok m\u00e1r t\u00f6bb mint 10 \u00e9ve l\u00e9teznek. Minden esetet h\u00e1zon bel\u00fcl terveznek itt K\u00edn\u00e1ban. H\u00edrnevet szerzett a kiv\u00e1l\u00f3 min\u0151s\u00e9g\u0171, strapab\u00edr\u00f3 tokok gy\u00e1rt\u00e1s\u00e1r\u00f3l, ezek a kiv\u00e1l\u00f3 v\u00e9d\u0151 kem\u00e9ny tokok biztons\u00e1gos sz\u00e1ll\u00edt\u00e1st k\u00edn\u00e1lnak a t\u00f6r\u00e9keny vagy dr\u00e1ga felszerel\u00e9sek sz\u00e1m\u00e1ra, \u00e9s a szakemberek vil\u00e1gszerte a szakemberek v\u00e1laszt\u00e1sa.<\/p>\n<h2><strong>Termel\u00e9si bevezet\u00e9s<\/strong><\/h2>\n<p>- T\u00edpus: Leemelhet\u0151 fed\u00e9l<\/p>\n<p>- Anyag: Fekete kivitel<\/p>\n<p>- Neh\u00e9z teher <a class=\"wpil_keyword_link\" href=\"https:\/\/sxpowercase.com\/product-category\/all-product\/flight-case\/\" target=\"_blank\" rel=\"noopener\" title=\"rep\u00fcl\u0151t\u00e1ska\" data-wpil-keyword-link=\"linked\" data-wpil-monitor-id=\"414\">rep\u00fcl\u0151t\u00e1ska<\/a> szerelv\u00e9nyek<\/p>\n<p>- Hab: a TV-t a hely\u00e9n tart\u00f3 habt\u00f6mb\u00f6kkel.<\/p>\n<p>- Hab: A fed\u00e9l habos\u00edtott, t\u00e1mogat\u00f3 blokkokkal a maxim\u00e1lis v\u00e9delem biztos\u00edt\u00e1sa \u00e9rdek\u00e9ben.<\/p>\n<p>- G\u00f6rg\u0151k: 100 mm-es g\u00f6rg\u0151k (x2 f\u00e9k)<\/p>","protected":false},"featured_media":1747,"comment_status":"open","ping_status":"closed","template":"","meta":[],"product_brand":[],"product_cat":[41],"product_tag":[],"class_list":{"0":"post-1746","1":"product","2":"type-product","3":"status-publish","4":"has-post-thumbnail","6":"product_cat-equipment-cases","8":"first","9":"instock","10":"shipping-taxable","11":"product-type-simple"},"yoast_head":"<!-- This site is optimized with the Yoast SEO Premium plugin v27.1 (Yoast SEO v27.2) - https:\/\/yoast.com\/product\/yoast-seo-premium-wordpress\/ -->\n<title>TV Rack Cabinet - https:\/\/sxflightcase.com \ud83d\udc97<\/title>\n<meta name=\"description\" content=\"TV Rack Cabinet: Explore our factory-direct options for professional customization, perfect for organizing and displaying your television and media equipment.\" \/>\n<meta name=\"robots\" content=\"index, follow, max-snippet:-1, max-image-preview:large, max-video-preview:-1\" \/>\n<link rel=\"canonical\" href=\"https:\/\/sxflightcase.com\/hu\/\u0645\u0646\u062a\u062c\/\u062e\u0632\u0627\u0646\u0629-\u0631\u0641-\u0627\u0644\u062a\u0644\u0641\u0632\u064a\u0648\u0646\/\" \/>\n<meta property=\"og:locale\" content=\"hu_HU\" \/>\n<meta property=\"og:type\" content=\"article\" \/>\n<meta property=\"og:title\" content=\"TV Rack Cabinet\" \/>\n<meta property=\"og:description\" content=\"TV Rack Cabinet: Explore our factory-direct options for professional customization, perfect for organizing and displaying your television and media equipment.\" \/>\n<meta property=\"og:url\" content=\"https:\/\/sxflightcase.com\/hu\/\u0645\u0646\u062a\u062c\/\u062e\u0632\u0627\u0646\u0629-\u0631\u0641-\u0627\u0644\u062a\u0644\u0641\u0632\u064a\u0648\u0646\/\" \/>\n<meta property=\"og:site_name\" content=\"https:\/\/sxflightcase.com\" \/>\n<meta property=\"article:publisher\" content=\"https:\/\/www.facebook.com\/profile.php?id=61560407257971\" \/>\n<meta property=\"article:modified_time\" content=\"2024-06-21T02:08:34+00:00\" \/>\n<meta property=\"og:image\" content=\"https:\/\/sxflightcase.com\/wp-content\/uploads\/2024\/05\/tv-rack-cabinet09272992629.webp\" \/>\n\t<meta property=\"og:image:width\" content=\"700\" \/>\n\t<meta property=\"og:image:height\" content=\"700\" \/>\n\t<meta property=\"og:image:type\" content=\"image\/webp\" \/>\n<meta name=\"twitter:card\" content=\"summary_large_image\" \/>\n<meta name=\"twitter:label1\" content=\"Becs\u00fclt olvas\u00e1si id\u0151\" \/>\n\t<meta name=\"twitter:data1\" content=\"4 perc\" \/>\n<script type=\"application\/ld+json\" class=\"yoast-schema-graph\">{\"@context\":\"https:\/\/schema.org\",\"@graph\":[{\"@type\":\"WebPage\",\"@id\":\"https:\/\/sxflightcase.com\/ar\/\u0645\u0646\u062a\u062c\/\u062e\u0632\u0627\u0646\u0629-\u0631\u0641-\u0627\u0644\u062a\u0644\u0641\u0632\u064a\u0648\u0646\/\",\"url\":\"https:\/\/sxflightcase.com\/ar\/\u0645\u0646\u062a\u062c\/\u062e\u0632\u0627\u0646\u0629-\u0631\u0641-\u0627\u0644\u062a\u0644\u0641\u0632\u064a\u0648\u0646\/\",\"name\":\"TV Rack Cabinet - https:\/\/sxflightcase.com \ud83d\udc97\",\"isPartOf\":{\"@id\":\"https:\/\/sxflightcase.com\/th\/#website\"},\"primaryImageOfPage\":{\"@id\":\"https:\/\/sxflightcase.com\/ar\/\u0645\u0646\u062a\u062c\/\u062e\u0632\u0627\u0646\u0629-\u0631\u0641-\u0627\u0644\u062a\u0644\u0641\u0632\u064a\u0648\u0646\/#primaryimage\"},\"image\":{\"@id\":\"https:\/\/sxflightcase.com\/ar\/\u0645\u0646\u062a\u062c\/\u062e\u0632\u0627\u0646\u0629-\u0631\u0641-\u0627\u0644\u062a\u0644\u0641\u0632\u064a\u0648\u0646\/#primaryimage\"},\"thumbnailUrl\":\"https:\/\/sxflightcase.com\/wp-content\/uploads\/2024\/05\/tv-rack-cabinet09272992629.webp\",\"datePublished\":\"2024-05-10T06:01:54+00:00\",\"dateModified\":\"2024-06-21T02:08:34+00:00\",\"description\":\"TV Rack Cabinet: Explore our factory-direct options for professional customization, perfect for organizing and displaying your television and media equipment.\",\"breadcrumb\":{\"@id\":\"https:\/\/sxflightcase.com\/ar\/\u0645\u0646\u062a\u062c\/\u062e\u0632\u0627\u0646\u0629-\u0631\u0641-\u0627\u0644\u062a\u0644\u0641\u0632\u064a\u0648\u0646\/#breadcrumb\"},\"inLanguage\":\"hu\",\"potentialAction\":[{\"@type\":\"ReadAction\",\"target\":[\"https:\/\/sxflightcase.com\/ar\/\u0645\u0646\u062a\u062c\/\u062e\u0632\u0627\u0646\u0629-\u0631\u0641-\u0627\u0644\u062a\u0644\u0641\u0632\u064a\u0648\u0646\/\"]}]},{\"@type\":\"ImageObject\",\"inLanguage\":\"hu\",\"@id\":\"https:\/\/sxflightcase.com\/ar\/\u0645\u0646\u062a\u062c\/\u062e\u0632\u0627\u0646\u0629-\u0631\u0641-\u0627\u0644\u062a\u0644\u0641\u0632\u064a\u0648\u0646\/#primaryimage\",\"url\":\"https:\/\/sxflightcase.com\/wp-content\/uploads\/2024\/05\/tv-rack-cabinet09272992629.webp\",\"contentUrl\":\"https:\/\/sxflightcase.com\/wp-content\/uploads\/2024\/05\/tv-rack-cabinet09272992629.webp\",\"width\":700,\"height\":700,\"caption\":\"TV Rack Cabinet\"},{\"@type\":\"BreadcrumbList\",\"@id\":\"https:\/\/sxflightcase.com\/ar\/\u0645\u0646\u062a\u062c\/\u062e\u0632\u0627\u0646\u0629-\u0631\u0641-\u0627\u0644\u062a\u0644\u0641\u0632\u064a\u0648\u0646\/#breadcrumb\",\"itemListElement\":[{\"@type\":\"ListItem\",\"position\":1,\"name\":\"Home\",\"item\":\"https:\/\/sxflightcase.com\/\"},{\"@type\":\"ListItem\",\"position\":2,\"name\":\"\u0e2a\u0e34\u0e19\u0e04\u0e49\u0e32\",\"item\":\"https:\/\/sxflightcase.com\/th\/shop\/\"},{\"@type\":\"ListItem\",\"position\":3,\"name\":\"TV Rack Cabinet\"}]},{\"@type\":\"WebSite\",\"@id\":\"https:\/\/sxflightcase.com\/th\/#website\",\"url\":\"https:\/\/sxflightcase.com\/th\/\",\"name\":\"sxpowercase.com\",\"description\":\"Flight Case Factory\",\"publisher\":{\"@id\":\"https:\/\/sxflightcase.com\/th\/#organization\"},\"potentialAction\":[{\"@type\":\"SearchAction\",\"target\":{\"@type\":\"EntryPoint\",\"urlTemplate\":\"https:\/\/sxflightcase.com\/th\/?s={search_term_string}\"},\"query-input\":{\"@type\":\"PropertyValueSpecification\",\"valueRequired\":true,\"valueName\":\"search_term_string\"}}],\"inLanguage\":\"hu\"},{\"@type\":\"Organization\",\"@id\":\"https:\/\/sxflightcase.com\/th\/#organization\",\"name\":\"sxpowercase.com\",\"url\":\"https:\/\/sxflightcase.com\/th\/\",\"logo\":{\"@type\":\"ImageObject\",\"inLanguage\":\"hu\",\"@id\":\"https:\/\/sxflightcase.com\/th\/#\/schema\/logo\/image\/\",\"url\":\"https:\/\/sxflightcase.com\/wp-content\/uploads\/2024\/04\/1713919036007.jpg\",\"contentUrl\":\"https:\/\/sxflightcase.com\/wp-content\/uploads\/2024\/04\/1713919036007.jpg\",\"width\":382,\"height\":388,\"caption\":\"sxpowercase.com\"},\"image\":{\"@id\":\"https:\/\/sxflightcase.com\/th\/#\/schema\/logo\/image\/\"},\"sameAs\":[\"https:\/\/www.facebook.com\/profile.php?id=61560407257971\"],\"numberOfEmployees\":{\"@type\":\"QuantitativeValue\",\"minValue\":\"11\",\"maxValue\":\"50\"}}]}<\/script>\n<!-- \/ Yoast SEO Premium plugin. -->","yoast_head_json":{"title":"TV Rack Cabinet - https:\/\/sxflightcase.com \ud83d\udc97","description":"TV Rack szekr\u00e9ny: T\u00f6k\u00e9letes a telev\u00edzi\u00f3 \u00e9s a m\u00e9diaberendez\u00e9sek rendszerez\u00e9s\u00e9hez \u00e9s bemutat\u00e1s\u00e1hoz.","robots":{"index":"index","follow":"follow","max-snippet":"max-snippet:-1","max-image-preview":"max-image-preview:large","max-video-preview":"max-video-preview:-1"},"canonical":"https:\/\/sxflightcase.com\/hu\/\u0645\u0646\u062a\u062c\/\u062e\u0632\u0627\u0646\u0629-\u0631\u0641-\u0627\u0644\u062a\u0644\u0641\u0632\u064a\u0648\u0646\/","og_locale":"hu_HU","og_type":"article","og_title":"TV Rack Cabinet","og_description":"TV Rack Cabinet: Explore our factory-direct options for professional customization, perfect for organizing and displaying your television and media equipment.","og_url":"https:\/\/sxflightcase.com\/hu\/\u0645\u0646\u062a\u062c\/\u062e\u0632\u0627\u0646\u0629-\u0631\u0641-\u0627\u0644\u062a\u0644\u0641\u0632\u064a\u0648\u0646\/","og_site_name":"https:\/\/sxflightcase.com","article_publisher":"https:\/\/www.facebook.com\/profile.php?id=61560407257971","article_modified_time":"2024-06-21T02:08:34+00:00","og_image":[{"width":700,"height":700,"url":"https:\/\/sxflightcase.com\/wp-content\/uploads\/2024\/05\/tv-rack-cabinet09272992629.webp","type":"image\/webp"}],"twitter_card":"summary_large_image","twitter_misc":{"Becs\u00fclt olvas\u00e1si id\u0151":"4 perc"},"schema":{"@context":"https:\/\/schema.org","@graph":[{"@type":"WebPage","@id":"https:\/\/sxflightcase.com\/ar\/\u0645\u0646\u062a\u062c\/\u062e\u0632\u0627\u0646\u0629-\u0631\u0641-\u0627\u0644\u062a\u0644\u0641\u0632\u064a\u0648\u0646\/","url":"https:\/\/sxflightcase.com\/ar\/\u0645\u0646\u062a\u062c\/\u062e\u0632\u0627\u0646\u0629-\u0631\u0641-\u0627\u0644\u062a\u0644\u0641\u0632\u064a\u0648\u0646\/","name":"TV Rack Cabinet - https:\/\/sxflightcase.com \ud83d\udc97","isPartOf":{"@id":"https:\/\/sxflightcase.com\/th\/#website"},"primaryImageOfPage":{"@id":"https:\/\/sxflightcase.com\/ar\/\u0645\u0646\u062a\u062c\/\u062e\u0632\u0627\u0646\u0629-\u0631\u0641-\u0627\u0644\u062a\u0644\u0641\u0632\u064a\u0648\u0646\/#primaryimage"},"image":{"@id":"https:\/\/sxflightcase.com\/ar\/\u0645\u0646\u062a\u062c\/\u062e\u0632\u0627\u0646\u0629-\u0631\u0641-\u0627\u0644\u062a\u0644\u0641\u0632\u064a\u0648\u0646\/#primaryimage"},"thumbnailUrl":"https:\/\/sxflightcase.com\/wp-content\/uploads\/2024\/05\/tv-rack-cabinet09272992629.webp","datePublished":"2024-05-10T06:01:54+00:00","dateModified":"2024-06-21T02:08:34+00:00","description":"TV Rack szekr\u00e9ny: T\u00f6k\u00e9letes a telev\u00edzi\u00f3 \u00e9s a m\u00e9diaberendez\u00e9sek rendszerez\u00e9s\u00e9hez \u00e9s bemutat\u00e1s\u00e1hoz.","breadcrumb":{"@id":"https:\/\/sxflightcase.com\/ar\/\u0645\u0646\u062a\u062c\/\u062e\u0632\u0627\u0646\u0629-\u0631\u0641-\u0627\u0644\u062a\u0644\u0641\u0632\u064a\u0648\u0646\/#breadcrumb"},"inLanguage":"hu","potentialAction":[{"@type":"ReadAction","target":["https:\/\/sxflightcase.com\/ar\/\u0645\u0646\u062a\u062c\/\u062e\u0632\u0627\u0646\u0629-\u0631\u0641-\u0627\u0644\u062a\u0644\u0641\u0632\u064a\u0648\u0646\/"]}]},{"@type":"ImageObject","inLanguage":"hu","@id":"https:\/\/sxflightcase.com\/ar\/\u0645\u0646\u062a\u062c\/\u062e\u0632\u0627\u0646\u0629-\u0631\u0641-\u0627\u0644\u062a\u0644\u0641\u0632\u064a\u0648\u0646\/#primaryimage","url":"https:\/\/sxflightcase.com\/wp-content\/uploads\/2024\/05\/tv-rack-cabinet09272992629.webp","contentUrl":"https:\/\/sxflightcase.com\/wp-content\/uploads\/2024\/05\/tv-rack-cabinet09272992629.webp","width":700,"height":700,"caption":"TV Rack Cabinet"},{"@type":"BreadcrumbList","@id":"https:\/\/sxflightcase.com\/ar\/\u0645\u0646\u062a\u062c\/\u062e\u0632\u0627\u0646\u0629-\u0631\u0641-\u0627\u0644\u062a\u0644\u0641\u0632\u064a\u0648\u0646\/#breadcrumb","itemListElement":[{"@type":"ListItem","position":1,"name":"Home","item":"https:\/\/sxflightcase.com\/"},{"@type":"ListItem","position":2,"name":"\u0e2a\u0e34\u0e19\u0e04\u0e49\u0e32","item":"https:\/\/sxflightcase.com\/th\/shop\/"},{"@type":"ListItem","position":3,"name":"TV Rack Cabinet"}]},{"@type":"WebSite","@id":"https:\/\/sxflightcase.com\/th\/#website","url":"https:\/\/sxflightcase.com\/th\/","name":"sxpowercase.com","description":"Flight Case Factory","publisher":{"@id":"https:\/\/sxflightcase.com\/th\/#organization"},"potentialAction":[{"@type":"SearchAction","target":{"@type":"EntryPoint","urlTemplate":"https:\/\/sxflightcase.com\/th\/?s={search_term_string}"},"query-input":{"@type":"PropertyValueSpecification","valueRequired":true,"valueName":"search_term_string"}}],"inLanguage":"hu"},{"@type":"Organization","@id":"https:\/\/sxflightcase.com\/th\/#organization","name":"sxpowercase.com","url":"https:\/\/sxflightcase.com\/th\/","logo":{"@type":"ImageObject","inLanguage":"hu","@id":"https:\/\/sxflightcase.com\/th\/#\/schema\/logo\/image\/","url":"https:\/\/sxflightcase.com\/wp-content\/uploads\/2024\/04\/1713919036007.jpg","contentUrl":"https:\/\/sxflightcase.com\/wp-content\/uploads\/2024\/04\/1713919036007.jpg","width":382,"height":388,"caption":"sxpowercase.com"},"image":{"@id":"https:\/\/sxflightcase.com\/th\/#\/schema\/logo\/image\/"},"sameAs":["https:\/\/www.facebook.com\/profile.php?id=61560407257971"],"numberOfEmployees":{"@type":"QuantitativeValue","minValue":"11","maxValue":"50"}}]}},"_links":{"self":[{"href":"https:\/\/sxflightcase.com\/hu\/wp-json\/wp\/v2\/product\/1746","targetHints":{"allow":["GET"]}}],"collection":[{"href":"https:\/\/sxflightcase.com\/hu\/wp-json\/wp\/v2\/product"}],"about":[{"href":"https:\/\/sxflightcase.com\/hu\/wp-json\/wp\/v2\/types\/product"}],"replies":[{"embeddable":true,"href":"https:\/\/sxflightcase.com\/hu\/wp-json\/wp\/v2\/comments?post=1746"}],"version-history":[{"count":0,"href":"https:\/\/sxflightcase.com\/hu\/wp-json\/wp\/v2\/product\/1746\/revisions"}],"wp:featuredmedia":[{"embeddable":true,"href":"https:\/\/sxflightcase.com\/hu\/wp-json\/wp\/v2\/media\/1747"}],"wp:attachment":[{"href":"https:\/\/sxflightcase.com\/hu\/wp-json\/wp\/v2\/media?parent=1746"}],"wp:term":[{"taxonomy":"product_brand","embeddable":true,"href":"https:\/\/sxflightcase.com\/hu\/wp-json\/wp\/v2\/product_brand?post=1746"},{"taxonomy":"product_cat","embeddable":true,"href":"https:\/\/sxflightcase.com\/hu\/wp-json\/wp\/v2\/product_cat?post=1746"},{"taxonomy":"product_tag","embeddable":true,"href":"https:\/\/sxflightcase.com\/hu\/wp-json\/wp\/v2\/product_tag?post=1746"}],"curies":[{"name":"wp","href":"https:\/\/api.w.org\/{rel}","templated":true}]}}